{"id":2034,"date":"2025-03-24T16:35:42","date_gmt":"2025-03-24T15:35:42","guid":{"rendered":"https:\/\/unpasdecote.asso.fr\/?page_id=2034"},"modified":"2025-03-24T16:39:43","modified_gmt":"2025-03-24T15:39:43","slug":"jeune-public","status":"publish","type":"page","link":"https:\/\/unpasdecote.asso.fr\/index.php\/jeune-public\/","title":{"rendered":"Jeune Public"},"content":{"rendered":"\t\t<div data-elementor-type=\"wp-page\" data-elementor-id=\"2034\" class=\"elementor elementor-2034\">\n\t\t\t\t<div class=\"elementor-element elementor-element-7f559d4 e-flex e-con-boxed e-con e-parent\" data-id=\"7f559d4\" data-element_type=\"container\" data-e-type=\"container\">\n\t\t\t\t\t<div class=\"e-con-inner\">\n\t\t\t\t<div class=\"elementor-element elementor-element-215b0aa elementor-grid-eael-col-4 elementor-grid-tablet-eael-col-2 elementor-grid-mobile-eael-col-1 elementor-widget elementor-widget-eael-post-grid\" data-id=\"215b0aa\" data-element_type=\"widget\" data-e-type=\"widget\" data-settings=\"{&quot;eael_post_grid_columns&quot;:&quot;eael-col-4&quot;,&quot;eael_post_grid_columns_tablet&quot;:&quot;eael-col-2&quot;,&quot;eael_post_grid_columns_mobile&quot;:&quot;eael-col-1&quot;}\" data-widget_type=\"eael-post-grid.default\">\n\t\t\t\t<div class=\"elementor-widget-container\">\n\t\t\t\t\t<div id=\"eael-post-grid-215b0aa\" class=\"eael-post-grid-container\">\n            <div class=\"eael-post-grid eael-post-appender eael-post-appender-215b0aa eael-post-grid-style-one\" data-layout-mode=\"masonry\"><article class=\"eael-grid-post  eael-post-grid-column eael-pg-post-2333 category-jeune-public-petite-enfance\" data-id=\"2333\">\n        <div class=\"eael-grid-post-holder\">\n            <div class=\"eael-grid-post-holder-inner\"><div class=\"eael-entry-media\"><div class=\"eael-entry-overlay fade-in\"><i class=\"fas fa-long-arrow-alt-right\" aria-hidden=\"true\"><\/i><a href=\"https:\/\/unpasdecote.asso.fr\/index.php\/2025\/12\/08\/le-voyage-de-lecrevisse\/\"><\/a><\/div><div class=\"eael-entry-thumbnail \">\n                <img decoding=\"async\" width=\"300\" height=\"149\" src=\"https:\/\/unpasdecote.asso.fr\/wp-content\/uploads\/2025\/12\/voyage-ecrevisse.jpeg-300x149.jpg\" class=\"attachment-medium size-medium wp-image-2334\" alt=\"\" srcset=\"https:\/\/unpasdecote.asso.fr\/wp-content\/uploads\/2025\/12\/voyage-ecrevisse.jpeg-300x149.jpg 300w, https:\/\/unpasdecote.asso.fr\/wp-content\/uploads\/2025\/12\/voyage-ecrevisse.jpeg-1024x508.jpg 1024w, https:\/\/unpasdecote.asso.fr\/wp-content\/uploads\/2025\/12\/voyage-ecrevisse.jpeg-768x381.jpg 768w, https:\/\/unpasdecote.asso.fr\/wp-content\/uploads\/2025\/12\/voyage-ecrevisse.jpeg-1536x762.jpg 1536w, https:\/\/unpasdecote.asso.fr\/wp-content\/uploads\/2025\/12\/voyage-ecrevisse.jpeg-2048x1016.jpg 2048w, https:\/\/unpasdecote.asso.fr\/wp-content\/uploads\/2025\/12\/voyage-ecrevisse.jpeg-1320x655.jpg 1320w\" sizes=\"(max-width: 300px) 100vw, 300px\" \/>\n            <\/div>\n        <\/div><div class=\"eael-entry-wrapper\"><header class=\"eael-entry-header\"><h2 class=\"eael-entry-title\"><a class=\"eael-grid-post-link\" href=\"https:\/\/unpasdecote.asso.fr\/index.php\/2025\/12\/08\/le-voyage-de-lecrevisse\/\" title=\"Le Voyage de L&rsquo;\u00e9crevisse\">Le Voyage de L&rsquo;\u00e9crevisse<\/a><\/h2><\/header><div class=\"eael-entry-content\">\n                        <div class=\"eael-grid-post-excerpt\"><p>Venez d\u00e9couvrir le voyage au quatre coins du monde de...<\/p><a href=\"https:\/\/unpasdecote.asso.fr\/index.php\/2025\/12\/08\/le-voyage-de-lecrevisse\/\" class=\"eael-post-elements-readmore-btn\">Read More<\/a><\/div>\n                    <\/div><div class=\"eael-entry-footer\"><div class=\"eael-author-avatar\"><a href=\"https:\/\/unpasdecote.asso.fr\/author\/pv4193-ovh\/\"><img alt='pv4193-ovh' src='https:\/\/secure.gravatar.com\/avatar\/5c060d10c33ae8180fefa77c2e8fc26936bae5fee00cf624713a73cff76d6e69?s=96&#038;d=mm&#038;r=g' srcset='https:\/\/secure.gravatar.com\/avatar\/5c060d10c33ae8180fefa77c2e8fc26936bae5fee00cf624713a73cff76d6e69?s=192&#038;d=mm&#038;r=g 2x' class='avatar avatar-96 photo' height='96' width='96' \/><\/a><\/div><div class=\"eael-entry-meta\"><span class=\"eael-posted-by\"><a href=\"https:\/\/unpasdecote.asso.fr\/author\/pv4193-ovh\/\" title=\"Posts by pv4193-ovh\" rel=\"author\">pv4193-ovh<\/a><\/span><span class=\"eael-posted-on\"><time datetime=\"8 d\u00e9cembre 2025\">8 d\u00e9cembre 2025<\/time><\/span><\/div><\/div><\/div><\/div>\n        <\/div>\n    <\/article><article class=\"eael-grid-post  eael-post-grid-column eael-pg-post-713 category-jeune-public-petite-enfance\" data-id=\"713\">\n        <div class=\"eael-grid-post-holder\">\n            <div class=\"eael-grid-post-holder-inner\"><div class=\"eael-entry-media\"><div class=\"eael-entry-overlay fade-in\"><i class=\"fas fa-long-arrow-alt-right\" aria-hidden=\"true\"><\/i><a href=\"https:\/\/unpasdecote.asso.fr\/index.php\/2021\/12\/16\/bulles-de-somnambules\/\"><\/a><\/div><div class=\"eael-entry-thumbnail \">\n                <img fetchpriority=\"high\" decoding=\"async\" width=\"212\" height=\"300\" src=\"https:\/\/unpasdecote.asso.fr\/wp-content\/uploads\/2021\/12\/Cest-du-vent-affiche-212x300.png\" class=\"attachment-medium size-medium wp-image-1260\" alt=\"\" srcset=\"https:\/\/unpasdecote.asso.fr\/wp-content\/uploads\/2021\/12\/Cest-du-vent-affiche-212x300.png 212w, https:\/\/unpasdecote.asso.fr\/wp-content\/uploads\/2021\/12\/Cest-du-vent-affiche-724x1024.png 724w, https:\/\/unpasdecote.asso.fr\/wp-content\/uploads\/2021\/12\/Cest-du-vent-affiche-768x1086.png 768w, https:\/\/unpasdecote.asso.fr\/wp-content\/uploads\/2021\/12\/Cest-du-vent-affiche-1086x1536.png 1086w, https:\/\/unpasdecote.asso.fr\/wp-content\/uploads\/2021\/12\/Cest-du-vent-affiche-1448x2048.png 1448w, https:\/\/unpasdecote.asso.fr\/wp-content\/uploads\/2021\/12\/Cest-du-vent-affiche-191x270.png 191w, https:\/\/unpasdecote.asso.fr\/wp-content\/uploads\/2021\/12\/Cest-du-vent-affiche-1320x1867.png 1320w, https:\/\/unpasdecote.asso.fr\/wp-content\/uploads\/2021\/12\/Cest-du-vent-affiche.png 1587w\" sizes=\"(max-width: 212px) 100vw, 212px\" \/>\n            <\/div>\n        <\/div><div class=\"eael-entry-wrapper\"><header class=\"eael-entry-header\"><h2 class=\"eael-entry-title\"><a class=\"eael-grid-post-link\" href=\"https:\/\/unpasdecote.asso.fr\/index.php\/2021\/12\/16\/bulles-de-somnambules\/\" title=\"Bulles de somnambules\">Bulles de somnambules<\/a><\/h2><\/header><div class=\"eael-entry-content\">\n                        <div class=\"eael-grid-post-excerpt\"><p>\u00ab\u00a0La nuit des musiques trottent dans ma t\u00eate. Je voyage...<\/p><a href=\"https:\/\/unpasdecote.asso.fr\/index.php\/2021\/12\/16\/bulles-de-somnambules\/\" class=\"eael-post-elements-readmore-btn\">Read More<\/a><\/div>\n                    <\/div><div class=\"eael-entry-footer\"><div class=\"eael-author-avatar\"><a href=\"https:\/\/unpasdecote.asso.fr\/author\/pv4193-ovh\/\"><img alt='pv4193-ovh' src='https:\/\/secure.gravatar.com\/avatar\/5c060d10c33ae8180fefa77c2e8fc26936bae5fee00cf624713a73cff76d6e69?s=96&#038;d=mm&#038;r=g' srcset='https:\/\/secure.gravatar.com\/avatar\/5c060d10c33ae8180fefa77c2e8fc26936bae5fee00cf624713a73cff76d6e69?s=192&#038;d=mm&#038;r=g 2x' class='avatar avatar-96 photo' height='96' width='96' \/><\/a><\/div><div class=\"eael-entry-meta\"><span class=\"eael-posted-by\"><a href=\"https:\/\/unpasdecote.asso.fr\/author\/pv4193-ovh\/\" title=\"Posts by pv4193-ovh\" rel=\"author\">pv4193-ovh<\/a><\/span><span class=\"eael-posted-on\"><time datetime=\"16 d\u00e9cembre 2021\">16 d\u00e9cembre 2021<\/time><\/span><\/div><\/div><\/div><\/div>\n        <\/div>\n    <\/article><article class=\"eael-grid-post  eael-post-grid-column eael-pg-post-344 category-jeune-public-petite-enfance\" data-id=\"344\">\n        <div class=\"eael-grid-post-holder\">\n            <div class=\"eael-grid-post-holder-inner\"><div class=\"eael-entry-media\"><div class=\"eael-entry-overlay fade-in\"><i class=\"fas fa-long-arrow-alt-right\" aria-hidden=\"true\"><\/i><a href=\"https:\/\/unpasdecote.asso.fr\/index.php\/2021\/09\/01\/le-noel-des-animaux-2\/\"><\/a><\/div><div class=\"eael-entry-thumbnail \">\n                <img decoding=\"async\" width=\"200\" height=\"300\" src=\"https:\/\/unpasdecote.asso.fr\/wp-content\/uploads\/2021\/09\/plaquette-200x300.jpg\" class=\"attachment-medium size-medium wp-image-346\" alt=\"\" srcset=\"https:\/\/unpasdecote.asso.fr\/wp-content\/uploads\/2021\/09\/plaquette-200x300.jpg 200w, https:\/\/unpasdecote.asso.fr\/wp-content\/uploads\/2021\/09\/plaquette-683x1024.jpg 683w, https:\/\/unpasdecote.asso.fr\/wp-content\/uploads\/2021\/09\/plaquette-768x1152.jpg 768w, https:\/\/unpasdecote.asso.fr\/wp-content\/uploads\/2021\/09\/plaquette-1024x1536.jpg 1024w, https:\/\/unpasdecote.asso.fr\/wp-content\/uploads\/2021\/09\/plaquette-1365x2048.jpg 1365w, https:\/\/unpasdecote.asso.fr\/wp-content\/uploads\/2021\/09\/plaquette-180x270.jpg 180w, https:\/\/unpasdecote.asso.fr\/wp-content\/uploads\/2021\/09\/plaquette-scaled.jpg 1707w\" sizes=\"(max-width: 200px) 100vw, 200px\" \/>\n            <\/div>\n        <\/div><div class=\"eael-entry-wrapper\"><header class=\"eael-entry-header\"><h2 class=\"eael-entry-title\"><a class=\"eael-grid-post-link\" href=\"https:\/\/unpasdecote.asso.fr\/index.php\/2021\/09\/01\/le-noel-des-animaux-2\/\" title=\"Le No\u00ebl Des Animaux\">Le No\u00ebl Des Animaux<\/a><\/h2><\/header><div class=\"eael-entry-content\">\n                        <div class=\"eael-grid-post-excerpt\"><p>Cette ann\u00e9e le p\u00e8re No\u00ebl est d\u00e9bord\u00e9, les animaux aussi...<\/p><a href=\"https:\/\/unpasdecote.asso.fr\/index.php\/2021\/09\/01\/le-noel-des-animaux-2\/\" class=\"eael-post-elements-readmore-btn\">Read More<\/a><\/div>\n                    <\/div><div class=\"eael-entry-footer\"><div class=\"eael-author-avatar\"><a href=\"https:\/\/unpasdecote.asso.fr\/author\/pv4193-ovh\/\"><img alt='pv4193-ovh' src='https:\/\/secure.gravatar.com\/avatar\/5c060d10c33ae8180fefa77c2e8fc26936bae5fee00cf624713a73cff76d6e69?s=96&#038;d=mm&#038;r=g' srcset='https:\/\/secure.gravatar.com\/avatar\/5c060d10c33ae8180fefa77c2e8fc26936bae5fee00cf624713a73cff76d6e69?s=192&#038;d=mm&#038;r=g 2x' class='avatar avatar-96 photo' height='96' width='96' \/><\/a><\/div><div class=\"eael-entry-meta\"><span class=\"eael-posted-by\"><a href=\"https:\/\/unpasdecote.asso.fr\/author\/pv4193-ovh\/\" title=\"Posts by pv4193-ovh\" rel=\"author\">pv4193-ovh<\/a><\/span><span class=\"eael-posted-on\"><time datetime=\"1 septembre 2021\">1 septembre 2021<\/time><\/span><\/div><\/div><\/div><\/div>\n        <\/div>\n    <\/article><article class=\"eael-grid-post  eael-post-grid-column eael-pg-post-761 category-jeune-public-petite-enfance\" data-id=\"761\">\n        <div class=\"eael-grid-post-holder\">\n            <div class=\"eael-grid-post-holder-inner\"><div class=\"eael-entry-media\"><div class=\"eael-entry-overlay fade-in\"><i class=\"fas fa-long-arrow-alt-right\" aria-hidden=\"true\"><\/i><a href=\"https:\/\/unpasdecote.asso.fr\/index.php\/2020\/12\/16\/cest-du-vent\/\"><\/a><\/div><div class=\"eael-entry-thumbnail \">\n                <img loading=\"lazy\" decoding=\"async\" width=\"212\" height=\"300\" src=\"https:\/\/unpasdecote.asso.fr\/wp-content\/uploads\/2020\/12\/Cest-du-vent-affiche-min-1-212x300.png\" class=\"attachment-medium size-medium wp-image-1259\" alt=\"\" srcset=\"https:\/\/unpasdecote.asso.fr\/wp-content\/uploads\/2020\/12\/Cest-du-vent-affiche-min-1-212x300.png 212w, https:\/\/unpasdecote.asso.fr\/wp-content\/uploads\/2020\/12\/Cest-du-vent-affiche-min-1-724x1024.png 724w, https:\/\/unpasdecote.asso.fr\/wp-content\/uploads\/2020\/12\/Cest-du-vent-affiche-min-1-768x1086.png 768w, https:\/\/unpasdecote.asso.fr\/wp-content\/uploads\/2020\/12\/Cest-du-vent-affiche-min-1-1086x1536.png 1086w, https:\/\/unpasdecote.asso.fr\/wp-content\/uploads\/2020\/12\/Cest-du-vent-affiche-min-1-1448x2048.png 1448w, https:\/\/unpasdecote.asso.fr\/wp-content\/uploads\/2020\/12\/Cest-du-vent-affiche-min-1-191x270.png 191w, https:\/\/unpasdecote.asso.fr\/wp-content\/uploads\/2020\/12\/Cest-du-vent-affiche-min-1-1320x1867.png 1320w, https:\/\/unpasdecote.asso.fr\/wp-content\/uploads\/2020\/12\/Cest-du-vent-affiche-min-1.png 1653w\" sizes=\"(max-width: 212px) 100vw, 212px\" \/>\n            <\/div>\n        <\/div><div class=\"eael-entry-wrapper\"><header class=\"eael-entry-header\"><h2 class=\"eael-entry-title\"><a class=\"eael-grid-post-link\" href=\"https:\/\/unpasdecote.asso.fr\/index.php\/2020\/12\/16\/cest-du-vent\/\" title=\"C&rsquo;est Du Vent\">C&rsquo;est Du Vent<\/a><\/h2><\/header><div class=\"eael-entry-content\">\n                        <div class=\"eael-grid-post-excerpt\"><p>\u00ab Souffleurs de notes, Souffleurs d\u2019histoires \u00bb Ce nouveau spectacle...<\/p><a href=\"https:\/\/unpasdecote.asso.fr\/index.php\/2020\/12\/16\/cest-du-vent\/\" class=\"eael-post-elements-readmore-btn\">Read More<\/a><\/div>\n                    <\/div><div class=\"eael-entry-footer\"><div class=\"eael-author-avatar\"><a href=\"https:\/\/unpasdecote.asso.fr\/author\/pv4193-ovh\/\"><img alt='pv4193-ovh' src='https:\/\/secure.gravatar.com\/avatar\/5c060d10c33ae8180fefa77c2e8fc26936bae5fee00cf624713a73cff76d6e69?s=96&#038;d=mm&#038;r=g' srcset='https:\/\/secure.gravatar.com\/avatar\/5c060d10c33ae8180fefa77c2e8fc26936bae5fee00cf624713a73cff76d6e69?s=192&#038;d=mm&#038;r=g 2x' class='avatar avatar-96 photo' height='96' width='96' \/><\/a><\/div><div class=\"eael-entry-meta\"><span class=\"eael-posted-by\"><a href=\"https:\/\/unpasdecote.asso.fr\/author\/pv4193-ovh\/\" title=\"Posts by pv4193-ovh\" rel=\"author\">pv4193-ovh<\/a><\/span><span class=\"eael-posted-on\"><time datetime=\"16 d\u00e9cembre 2020\">16 d\u00e9cembre 2020<\/time><\/span><\/div><\/div><\/div><\/div>\n        <\/div>\n    <\/article><article class=\"eael-grid-post  eael-post-grid-column eael-pg-post-748 category-jeune-public-petite-enfance\" data-id=\"748\">\n        <div class=\"eael-grid-post-holder\">\n            <div class=\"eael-grid-post-holder-inner\"><div class=\"eael-entry-media\"><div class=\"eael-entry-overlay fade-in\"><i class=\"fas fa-long-arrow-alt-right\" aria-hidden=\"true\"><\/i><a href=\"https:\/\/unpasdecote.asso.fr\/index.php\/2020\/12\/16\/le-temps-du-reve\/\"><\/a><\/div><div class=\"eael-entry-thumbnail \">\n                <img loading=\"lazy\" decoding=\"async\" width=\"225\" height=\"300\" src=\"https:\/\/unpasdecote.asso.fr\/wp-content\/uploads\/2020\/12\/07.10-le-temps-du-reve-225x300.jpg\" class=\"attachment-medium size-medium wp-image-1318\" alt=\"\" srcset=\"https:\/\/unpasdecote.asso.fr\/wp-content\/uploads\/2020\/12\/07.10-le-temps-du-reve-225x300.jpg 225w, https:\/\/unpasdecote.asso.fr\/wp-content\/uploads\/2020\/12\/07.10-le-temps-du-reve-768x1024.jpg 768w, https:\/\/unpasdecote.asso.fr\/wp-content\/uploads\/2020\/12\/07.10-le-temps-du-reve-1152x1536.jpg 1152w, https:\/\/unpasdecote.asso.fr\/wp-content\/uploads\/2020\/12\/07.10-le-temps-du-reve-1536x2048.jpg 1536w, https:\/\/unpasdecote.asso.fr\/wp-content\/uploads\/2020\/12\/07.10-le-temps-du-reve-203x270.jpg 203w, https:\/\/unpasdecote.asso.fr\/wp-content\/uploads\/2020\/12\/07.10-le-temps-du-reve-1320x1760.jpg 1320w, https:\/\/unpasdecote.asso.fr\/wp-content\/uploads\/2020\/12\/07.10-le-temps-du-reve-scaled.jpg 1920w\" sizes=\"(max-width: 225px) 100vw, 225px\" \/>\n            <\/div>\n        <\/div><div class=\"eael-entry-wrapper\"><header class=\"eael-entry-header\"><h2 class=\"eael-entry-title\"><a class=\"eael-grid-post-link\" href=\"https:\/\/unpasdecote.asso.fr\/index.php\/2020\/12\/16\/le-temps-du-reve\/\" title=\"Le Temps du R\u00eave\">Le Temps du R\u00eave<\/a><\/h2><\/header><div class=\"eael-entry-content\">\n                        <div class=\"eael-grid-post-excerpt\"><p>Cirque-Musique \u00ab Lorsque M\u00e8re-Terre n\u2019\u00e9tait encore qu\u2019une enfant fragile et...<\/p><a href=\"https:\/\/unpasdecote.asso.fr\/index.php\/2020\/12\/16\/le-temps-du-reve\/\" class=\"eael-post-elements-readmore-btn\">Read More<\/a><\/div>\n                    <\/div><div class=\"eael-entry-footer\"><div class=\"eael-author-avatar\"><a href=\"https:\/\/unpasdecote.asso.fr\/author\/pv4193-ovh\/\"><img alt='pv4193-ovh' src='https:\/\/secure.gravatar.com\/avatar\/5c060d10c33ae8180fefa77c2e8fc26936bae5fee00cf624713a73cff76d6e69?s=96&#038;d=mm&#038;r=g' srcset='https:\/\/secure.gravatar.com\/avatar\/5c060d10c33ae8180fefa77c2e8fc26936bae5fee00cf624713a73cff76d6e69?s=192&#038;d=mm&#038;r=g 2x' class='avatar avatar-96 photo' height='96' width='96' \/><\/a><\/div><div class=\"eael-entry-meta\"><span class=\"eael-posted-by\"><a href=\"https:\/\/unpasdecote.asso.fr\/author\/pv4193-ovh\/\" title=\"Posts by pv4193-ovh\" rel=\"author\">pv4193-ovh<\/a><\/span><span class=\"eael-posted-on\"><time datetime=\"16 d\u00e9cembre 2020\">16 d\u00e9cembre 2020<\/time><\/span><\/div><\/div><\/div><\/div>\n        <\/div>\n    <\/article><article class=\"eael-grid-post  eael-post-grid-column eael-pg-post-75 category-cie-yolda-jeune-public-petite-enfance\" data-id=\"75\">\n        <div class=\"eael-grid-post-holder\">\n            <div class=\"eael-grid-post-holder-inner\"><div class=\"eael-entry-media\"><div class=\"eael-entry-overlay fade-in\"><i class=\"fas fa-long-arrow-alt-right\" aria-hidden=\"true\"><\/i><a href=\"https:\/\/unpasdecote.asso.fr\/index.php\/2020\/11\/02\/cie-yolda\/\"><\/a><\/div><div class=\"eael-entry-thumbnail \">\n                <img loading=\"lazy\" decoding=\"async\" width=\"300\" height=\"211\" src=\"https:\/\/unpasdecote.asso.fr\/wp-content\/uploads\/2020\/11\/Plaquette-Yolda-1-300x211.png\" class=\"attachment-medium size-medium wp-image-76\" alt=\"\" srcset=\"https:\/\/unpasdecote.asso.fr\/wp-content\/uploads\/2020\/11\/Plaquette-Yolda-1-300x211.png 300w, https:\/\/unpasdecote.asso.fr\/wp-content\/uploads\/2020\/11\/Plaquette-Yolda-1-768x541.png 768w, https:\/\/unpasdecote.asso.fr\/wp-content\/uploads\/2020\/11\/Plaquette-Yolda-1-383x270.png 383w, https:\/\/unpasdecote.asso.fr\/wp-content\/uploads\/2020\/11\/Plaquette-Yolda-1.png 826w\" sizes=\"(max-width: 300px) 100vw, 300px\" \/>\n            <\/div>\n        <\/div><div class=\"eael-entry-wrapper\"><header class=\"eael-entry-header\"><h2 class=\"eael-entry-title\"><a class=\"eael-grid-post-link\" href=\"https:\/\/unpasdecote.asso.fr\/index.php\/2020\/11\/02\/cie-yolda\/\" title=\"Odessa &#8211; Cie Yolda\">Odessa &#8211; Cie Yolda<\/a><\/h2><\/header><div class=\"eael-entry-content\">\n                        <div class=\"eael-grid-post-excerpt\"><p>Odessa. Cirque, danse, th\u00e9\u00e2tre d&rsquo;ombre. Spectacle familial\u00e0 partir de 2...<\/p><a href=\"https:\/\/unpasdecote.asso.fr\/index.php\/2020\/11\/02\/cie-yolda\/\" class=\"eael-post-elements-readmore-btn\">Read More<\/a><\/div>\n                    <\/div><div class=\"eael-entry-footer\"><div class=\"eael-author-avatar\"><a href=\"https:\/\/unpasdecote.asso.fr\/author\/pv4193-ovh\/\"><img alt='pv4193-ovh' src='https:\/\/secure.gravatar.com\/avatar\/5c060d10c33ae8180fefa77c2e8fc26936bae5fee00cf624713a73cff76d6e69?s=96&#038;d=mm&#038;r=g' srcset='https:\/\/secure.gravatar.com\/avatar\/5c060d10c33ae8180fefa77c2e8fc26936bae5fee00cf624713a73cff76d6e69?s=192&#038;d=mm&#038;r=g 2x' class='avatar avatar-96 photo' height='96' width='96' \/><\/a><\/div><div class=\"eael-entry-meta\"><span class=\"eael-posted-by\"><a href=\"https:\/\/unpasdecote.asso.fr\/author\/pv4193-ovh\/\" title=\"Posts by pv4193-ovh\" rel=\"author\">pv4193-ovh<\/a><\/span><span class=\"eael-posted-on\"><time datetime=\"2 novembre 2020\">2 novembre 2020<\/time><\/span><\/div><\/div><\/div><\/div>\n        <\/div>\n    <\/article><article class=\"eael-grid-post  eael-post-grid-column eael-pg-post-83 category-jeune-public-petite-enfance\" data-id=\"83\">\n        <div class=\"eael-grid-post-holder\">\n            <div class=\"eael-grid-post-holder-inner\"><div class=\"eael-entry-media\"><div class=\"eael-entry-overlay fade-in\"><i class=\"fas fa-long-arrow-alt-right\" aria-hidden=\"true\"><\/i><a href=\"https:\/\/unpasdecote.asso.fr\/index.php\/2020\/11\/01\/le-marchand-de-sable\/\"><\/a><\/div><div class=\"eael-entry-thumbnail \">\n                <img loading=\"lazy\" decoding=\"async\" width=\"300\" height=\"158\" src=\"https:\/\/unpasdecote.asso.fr\/wp-content\/uploads\/2020\/11\/plaquette-Marchand-de-sable--300x158.png\" class=\"attachment-medium size-medium wp-image-116\" alt=\"\" srcset=\"https:\/\/unpasdecote.asso.fr\/wp-content\/uploads\/2020\/11\/plaquette-Marchand-de-sable--300x158.png 300w, https:\/\/unpasdecote.asso.fr\/wp-content\/uploads\/2020\/11\/plaquette-Marchand-de-sable--1024x541.png 1024w, https:\/\/unpasdecote.asso.fr\/wp-content\/uploads\/2020\/11\/plaquette-Marchand-de-sable--768x406.png 768w, https:\/\/unpasdecote.asso.fr\/wp-content\/uploads\/2020\/11\/plaquette-Marchand-de-sable--511x270.png 511w, https:\/\/unpasdecote.asso.fr\/wp-content\/uploads\/2020\/11\/plaquette-Marchand-de-sable-.png 1096w\" sizes=\"(max-width: 300px) 100vw, 300px\" \/>\n            <\/div>\n        <\/div><div class=\"eael-entry-wrapper\"><header class=\"eael-entry-header\"><h2 class=\"eael-entry-title\"><a class=\"eael-grid-post-link\" href=\"https:\/\/unpasdecote.asso.fr\/index.php\/2020\/11\/01\/le-marchand-de-sable\/\" title=\"Le Marchand de Sable\">Le Marchand de Sable<\/a><\/h2><\/header><div class=\"eael-entry-content\">\n                        <div class=\"eael-grid-post-excerpt\"><p>Le marchand de sable Tour de chant, Tour du monde...<\/p><a href=\"https:\/\/unpasdecote.asso.fr\/index.php\/2020\/11\/01\/le-marchand-de-sable\/\" class=\"eael-post-elements-readmore-btn\">Read More<\/a><\/div>\n                    <\/div><div class=\"eael-entry-footer\"><div class=\"eael-author-avatar\"><a href=\"https:\/\/unpasdecote.asso.fr\/author\/pv4193-ovh\/\"><img alt='pv4193-ovh' src='https:\/\/secure.gravatar.com\/avatar\/5c060d10c33ae8180fefa77c2e8fc26936bae5fee00cf624713a73cff76d6e69?s=96&#038;d=mm&#038;r=g' srcset='https:\/\/secure.gravatar.com\/avatar\/5c060d10c33ae8180fefa77c2e8fc26936bae5fee00cf624713a73cff76d6e69?s=192&#038;d=mm&#038;r=g 2x' class='avatar avatar-96 photo' height='96' width='96' \/><\/a><\/div><div class=\"eael-entry-meta\"><span class=\"eael-posted-by\"><a href=\"https:\/\/unpasdecote.asso.fr\/author\/pv4193-ovh\/\" title=\"Posts by pv4193-ovh\" rel=\"author\">pv4193-ovh<\/a><\/span><span class=\"eael-posted-on\"><time datetime=\"1 novembre 2020\">1 novembre 2020<\/time><\/span><\/div><\/div><\/div><\/div>\n        <\/div>\n    <\/article><article class=\"eael-grid-post  eael-post-grid-column eael-pg-post-2040 category-jeune-public-petite-enfance-non-classe\" data-id=\"2040\">\n        <div class=\"eael-grid-post-holder\">\n            <div class=\"eael-grid-post-holder-inner\"><div class=\"eael-entry-media\"><div class=\"eael-entry-overlay fade-in\"><i class=\"fas fa-long-arrow-alt-right\" aria-hidden=\"true\"><\/i><a href=\"https:\/\/unpasdecote.asso.fr\/index.php\/2020\/03\/24\/le-matou-sur-la-baleine-2\/\"><\/a><\/div><div class=\"eael-entry-thumbnail \">\n                <img loading=\"lazy\" decoding=\"async\" width=\"300\" height=\"300\" src=\"https:\/\/unpasdecote.asso.fr\/wp-content\/uploads\/2025\/03\/matou1-300x300.png\" class=\"attachment-medium size-medium wp-image-2041\" alt=\"\" srcset=\"https:\/\/unpasdecote.asso.fr\/wp-content\/uploads\/2025\/03\/matou1-300x300.png 300w, https:\/\/unpasdecote.asso.fr\/wp-content\/uploads\/2025\/03\/matou1-150x150.png 150w, https:\/\/unpasdecote.asso.fr\/wp-content\/uploads\/2025\/03\/matou1-768x768.png 768w, https:\/\/unpasdecote.asso.fr\/wp-content\/uploads\/2025\/03\/matou1.png 1000w\" sizes=\"(max-width: 300px) 100vw, 300px\" \/>\n            <\/div>\n        <\/div><div class=\"eael-entry-wrapper\"><header class=\"eael-entry-header\"><h2 class=\"eael-entry-title\"><a class=\"eael-grid-post-link\" href=\"https:\/\/unpasdecote.asso.fr\/index.php\/2020\/03\/24\/le-matou-sur-la-baleine-2\/\" title=\"Le Matou sur la baleine.\">Le Matou sur la baleine.<\/a><\/h2><\/header><div class=\"eael-entry-content\">\n                        <div class=\"eael-grid-post-excerpt\"><p>Entre animaux, paysages et dr\u00f4les de personnages, venez vous promenez...<\/p><a href=\"https:\/\/unpasdecote.asso.fr\/index.php\/2020\/03\/24\/le-matou-sur-la-baleine-2\/\" class=\"eael-post-elements-readmore-btn\">Read More<\/a><\/div>\n                    <\/div><div class=\"eael-entry-footer\"><div class=\"eael-author-avatar\"><a href=\"https:\/\/unpasdecote.asso.fr\/author\/pv4193-ovh\/\"><img alt='pv4193-ovh' src='https:\/\/secure.gravatar.com\/avatar\/5c060d10c33ae8180fefa77c2e8fc26936bae5fee00cf624713a73cff76d6e69?s=96&#038;d=mm&#038;r=g' srcset='https:\/\/secure.gravatar.com\/avatar\/5c060d10c33ae8180fefa77c2e8fc26936bae5fee00cf624713a73cff76d6e69?s=192&#038;d=mm&#038;r=g 2x' class='avatar avatar-96 photo' height='96' width='96' \/><\/a><\/div><div class=\"eael-entry-meta\"><span class=\"eael-posted-by\"><a href=\"https:\/\/unpasdecote.asso.fr\/author\/pv4193-ovh\/\" title=\"Posts by pv4193-ovh\" rel=\"author\">pv4193-ovh<\/a><\/span><span class=\"eael-posted-on\"><time datetime=\"24 mars 2020\">24 mars 2020<\/time><\/span><\/div><\/div><\/div><\/div>\n        <\/div>\n    <\/article><\/div>\n            <div class=\"clearfix\"><\/div>\n        <\/div>\t\t\t\t<\/div>\n\t\t\t\t<\/div>\n\t\t\t\t\t<\/div>\n\t\t\t\t<\/div>\n\t\t\t\t<\/div>\n\t\t","protected":false},"excerpt":{"rendered":"<p>Bulles de somnambules \u00ab\u00a0La nuit des musiques trottent dans ma t\u00eate. Je voyage&#8230; Read More pv4193-ovh16 d\u00e9cembre 2021 Le No\u00ebl Des Animaux Cette ann\u00e9e le &hellip; <\/p>\n","protected":false},"author":1,"featured_media":0,"parent":0,"menu_order":0,"comment_status":"closed","ping_status":"closed","template":"","meta":{"footnotes":""},"class_list":["post-2034","page","type-page","status-publish","hentry"],"_links":{"self":[{"href":"https:\/\/unpasdecote.asso.fr\/index.php\/wp-json\/wp\/v2\/pages\/2034","targetHints":{"allow":["GET"]}}],"collection":[{"href":"https:\/\/unpasdecote.asso.fr\/index.php\/wp-json\/wp\/v2\/pages"}],"about":[{"href":"https:\/\/unpasdecote.asso.fr\/index.php\/wp-json\/wp\/v2\/types\/page"}],"author":[{"embeddable":true,"href":"https:\/\/unpasdecote.asso.fr\/index.php\/wp-json\/wp\/v2\/users\/1"}],"replies":[{"embeddable":true,"href":"https:\/\/unpasdecote.asso.fr\/index.php\/wp-json\/wp\/v2\/comments?post=2034"}],"version-history":[{"count":4,"href":"https:\/\/unpasdecote.asso.fr\/index.php\/wp-json\/wp\/v2\/pages\/2034\/revisions"}],"predecessor-version":[{"id":2039,"href":"https:\/\/unpasdecote.asso.fr\/index.php\/wp-json\/wp\/v2\/pages\/2034\/revisions\/2039"}],"wp:attachment":[{"href":"https:\/\/unpasdecote.asso.fr\/index.php\/wp-json\/wp\/v2\/media?parent=2034"}],"curies":[{"name":"wp","href":"https:\/\/api.w.org\/{rel}","templated":true}]}}